{"id":96,"date":"2016-04-22T18:34:31","date_gmt":"2016-04-22T22:34:31","guid":{"rendered":"https:\/\/beachsidesoccer.org\/?page_id=96"},"modified":"2021-02-28T18:08:28","modified_gmt":"2021-02-28T23:08:28","slug":"hall-of-fame","status":"publish","type":"page","link":"https:\/\/beachsidesoccer.org\/es\/alumni\/hall-of-fame\/","title":{"rendered":"Sal\u00f3n de la Fama"},"content":{"rendered":"<p><span style=\"color: #000080; font-weight: bold;\">Cada a\u00f1o, Beachside incluye a exalumnos o voluntarios distinguidos en nuestro Sal\u00f3n de la Fama.<\/span><\/p>\n<p>Nuestros miembros del Sal\u00f3n de la Fama de Beachside incorporados en el Sal\u00f3n de la Fama de la playa reflejan al m\u00e1ximo los valores fundamentales de nuestro club. Estas personas creen en nuestro estilo Beachside, contribuyeron con gran parte de su tiempo y esfuerzo a Beachside, y contin\u00faan siendo embajadores inspiradores del club hasta el d\u00eda de hoy. Su inter\u00e9s genuino por el club, sus esfuerzos desinteresados para ayudar a los dem\u00e1s y su impacto en Beachside nunca ser\u00e1n olvidados.<\/p>\n<p>Les agradecemos a todos por sus a\u00f1os de servicio a Beachside. Todos ustedes son siempre bienvenidos en Beachside y siempre ser\u00e1n parte de nuestra familia Beachside.<\/p>\n<p><strong><a class=\"maxbutton-22 maxbutton maxbutton-reconnect-with-the-club\" href=\"https:\/\/beachsidesoccer.org\/es\/alumni\/reconnect-with-the-club\/\"><span class='mb-text'>Vuelve a conectarte con el Club<\/span><\/a><\/strong><\/p>\n<table width=\"556\">\n<tbody>\n<tr>\n<td style=\"width: 100px;\"><span style=\"color: #000080;\"><strong>2018 Nicol\u00e1s Z\u00fa\u00f1iga<\/strong><\/span><\/p>\n<p><span style=\"color: #000080;\"><strong><img decoding=\"async\" class=\"alignleft wp-image-26463\" src=\"https:\/\/beachsidesoccer.org\/wp-content\/uploads\/2021\/01\/Zuniga-261x300-1.jpg\" alt=\"\" width=\"110\" height=\"126\" \/><\/strong><\/span><\/td>\n<td style=\"width: 450px; vertical-align: top;\" scope=\"col\">Mi vida siempre ha girado en torno al programa Beachside Soccer desde la sub-12 hasta la sub-20. Durante mi tiempo all\u00ed, tambi\u00e9n tuve el placer de jugar en un grupo de edad, uni\u00e9ndome a mi hermano mayor Jake durante 1 a\u00f1o como jugador U17.<\/p>\n<p>Beachside me ayud\u00f3 a desarrollarme no solo como jugador de f\u00fatbol, sino tambi\u00e9n como joven. Como delantero, se ha dicho, que fui uno de los m\u00e1ximos goleadores en la historia de Beachside. Uno de mis principales logros fue ganar el Disney Soccer Showcase en 2010 al anotar 9 goles en solo 4 juegos.<\/p>\n<p>Con la ayuda de grandes compa\u00f1eros de equipo y jugadores, fui reconocido por los entrenadores del programa UConn Soccer, que estaba clasificado como el programa de f\u00fatbol n\u00famero 1 en ese momento. Proced\u00ed a comprometerme con UConn y me un\u00ed a su equipo en el oto\u00f1o de 2012. Comenzar como jugador rotativo para el equipo superior en el f\u00fatbol universitario fue un honor para m\u00ed en mi primer a\u00f1o. Pude anotar mi primer gol contra Nuevo M\u00e9xico en una dura victoria por 2-1 en tiempo extra y enviar a mi equipo a los cuartos de final de la NCAA. Siendo reconocido como un verdadero l\u00edder y un compa\u00f1ero de equipo respetado, fui nombrado 1 de 4 en el equipo de liderazgo a partir de mi primavera de segundo a\u00f1o. Esto desencaden\u00f3 mi carrera en UConn, donde jugu\u00e9 de 2012 a 2017.<\/td>\n<\/tr>\n<tr>\n<td style=\"width: 100px;\"><span style=\"color: #000080;\"><strong>2018 Denise Brown<\/strong><\/span><\/p>\n<p><span style=\"color: #000080;\"><strong><img decoding=\"async\" class=\"alignleft wp-image-26464 size-thumbnail\" src=\"https:\/\/beachsidesoccer.org\/wp-content\/uploads\/2021\/01\/Brown-150x150-1.jpg\" alt=\"Denise Brown Photo\" width=\"150\" height=\"150\" \/><\/strong><\/span><\/td>\n<td style=\"width: 450px; vertical-align: top;\" scope=\"col\">Denise fue contratada como contadora a tiempo parcial en 2003 para ayudar a Beachside Soccer a unir su oficina. Poco sab\u00eda ella que este puesto se convertir\u00eda r\u00e1pidamente en tiempo completo, abarcando el registro del equipo, los procedimientos de oficina y la administraci\u00f3n, junto con todas las responsabilidades de contabilidad.<\/p>\n<p>Durante los catorce a\u00f1os que trabaj\u00f3 en Beachside, su papel detr\u00e1s de escena le permiti\u00f3 a Denise conocer a muchas familias, ayud\u00e1ndolas de diversas formas a medida que avanzaban en el programa. Las tareas que ten\u00edan entre manos eran ilimitadas y, a lo largo de los a\u00f1os, la importancia de &quot;El \u00e9xito es una elecci\u00f3n&quot; se convirti\u00f3 en un lema a seguir.<\/p>\n<p>Creci\u00f3 en Darien y se gradu\u00f3 de Darien High School, y recibi\u00f3 una licenciatura en Bellas Artes de Silvermine Guild of The Arts. Fue artista gr\u00e1fica independiente hasta que se cas\u00f3 y tuvo a su hija, Vanessa. Tambi\u00e9n estudi\u00f3 contabilidad y se certific\u00f3 en el campo. Denise y su esposo Cliff ahora viven en Norwalk.<\/p>\n<p>Estaba incre\u00edblemente dedicada al f\u00fatbol de playa y tuvo la suerte de ser parte del crecimiento evolutivo del club.<\/td>\n<\/tr>\n<tr>\n<td style=\"width: 100px;\"><span style=\"color: #000080;\"><strong>2017 Anna Borea<\/strong><\/span><\/p>\n<p><span style=\"color: #000080;\"><strong><img decoding=\"async\" class=\"wp-image-17042 alignnone\" src=\"https:\/\/beachsidesoccer.org\/wp-content\/uploads\/2018\/04\/Anna-231x300-1.jpg\" alt=\"\" width=\"110\" height=\"143\" srcset=\"https:\/\/beachsidesoccer.org\/wp-content\/uploads\/2018\/04\/Anna-231x300-1.jpg 231w, https:\/\/beachsidesoccer.org\/wp-content\/uploads\/2018\/04\/Anna.jpg 518w\" sizes=\"(max-width: 110px) 100vw, 110px\" \/><\/strong><\/span><\/td>\n<td style=\"width: 450px; vertical-align: top;\" scope=\"col\">Anna jug\u00f3 para Beachside de 2008 a 2013.<\/p>\n<p>Anna se enorgullece de las innumerables horas de trabajo y dedicaci\u00f3n que puso para ser la mejor defensora central que podr\u00eda ser. Sin lugar a dudas, su famosa fachada de chica dura se deb\u00eda a que practicaba y trabajaba constantemente con su hermano mayor, que tambi\u00e9n era jugador de Beachside. Desde las primeras horas de la ma\u00f1ana en el gimnasio con su padre hasta los largos viajes a los torneos con su madre, Anna se esforz\u00f3 continuamente para triunfar.<\/p>\n<p>Anna se gradu\u00f3 de la Universidad de Fairfield y tomar\u00e1 su LSAT en junio antes de continuar su educaci\u00f3n en la Facultad de Derecho.<\/p>\n<p>Equipo ODP de la Regi\u00f3n 1 - 2012<br \/>\nCapit\u00e1n de la &#039;Clase de 2017&#039; del equipo de f\u00fatbol femenino de la Universidad de Fairfield: primavera de 2016 a oto\u00f1o de 2016<\/td>\n<\/tr>\n<tr>\n<td style=\"width: 100px;\"><span style=\"color: #000080;\"><strong>2017 Shane Recklet<\/strong><\/span><\/p>\n<p><span style=\"color: #000080;\"><strong><img loading=\"lazy\" decoding=\"async\" class=\"wp-image-17041 alignleft\" src=\"https:\/\/beachsidesoccer.org\/wp-content\/uploads\/2018\/04\/Shane-232x300-1.jpg\" alt=\"\" width=\"110\" height=\"142\" srcset=\"https:\/\/beachsidesoccer.org\/wp-content\/uploads\/2018\/04\/Shane-232x300-1.jpg 232w, https:\/\/beachsidesoccer.org\/wp-content\/uploads\/2018\/04\/Shane.jpg 412w\" sizes=\"(max-width: 110px) 100vw, 110px\" \/><\/strong><\/span><\/td>\n<td style=\"width: 450px; vertical-align: top;\" scope=\"col\">Shane jug\u00f3 para Beachside de 1999 a 2006.<\/p>\n<p>Shane se uni\u00f3 a Beachside Soccer Club en 1999 como jugador U12 y se gradu\u00f3 a trav\u00e9s del programa en U18. Debido al arduo trabajo, compromiso y amor de Shane por el juego, se convirti\u00f3 en un jugador destacado de Beachside Soccer y, en general, en uno de los mejores centrales del estado.<\/p>\n<p>Despu\u00e9s de su tiempo con Beachside, Shane se destac\u00f3 como titular de cuatro a\u00f1os para la Divisi\u00f3n 1 en la Universidad de Quinnipiac. Shane continu\u00f3 su carrera futbol\u00edstica despu\u00e9s de la universidad y pas\u00f3 a jugar profesionalmente tanto en Alemania como en Hungr\u00eda. Shane contribuye con su \u00e9xito a los valores fundamentales que aprendi\u00f3 y desarroll\u00f3 mientras jugaba en Beachside. Shane ahora ha regresado al club donde comenz\u00f3, como entrenador dedicado de nuestros equipos Beachside Premier y Academy.<\/td>\n<\/tr>\n<tr>\n<td style=\"width: 100px;\"><span style=\"color: #000080;\"><strong>2016 Kevin Gavey<\/strong><\/span><\/p>\n<p><span style=\"color: #000080;\"><strong><img loading=\"lazy\" decoding=\"async\" class=\"alignleft size-full wp-image-2180\" src=\"https:\/\/beachsidesoccer.org\/wp-content\/uploads\/2016\/04\/k_gavey.jpg\" alt=\"k_gavey\" width=\"110\" height=\"133\" \/><\/strong><\/span><\/td>\n<td style=\"width: 450px; vertical-align: top;\" scope=\"col\">Kevin jug\u00f3 para Beachside desde 2002 hasta 2010, se uni\u00f3 al club en la categor\u00eda U12 y jug\u00f3 toda su carrera de primer nivel juvenil en Beachside, terminando con el equipo super 20 masculino.<\/p>\n<p>Un verdadero competidor que trabaj\u00f3 extremadamente duro cada minuto que entren\u00f3 o jug\u00f3, la \u00e9tica de trabajo, el atletismo y la competitividad inigualables de Kevin combinados con su habilidad t\u00e9cnica con ambos pies lo convirtieron en uno de los mejores jugadores de dos v\u00edas en la historia de los clubes.<\/p>\n<p>La consistencia era parte de su ADN y siempre pod\u00edamos contar con Kevin de pr\u00e1ctica en pr\u00e1ctica y de juego en juego.<\/p>\n<p>Luego pas\u00f3 a jugar cuatro a\u00f1os en la Universidad de Brown - Promoci\u00f3n de 2013<\/p>\n<p>Su equipo de Beachside fue Campe\u00f3n de la Copa Abierta de Connecticut \u2013\u2013 Primavera de 2008<\/td>\n<\/tr>\n<tr>\n<td style=\"width: 111px;\"><span style=\"color: #000080;\"><strong>2016 Michael Troy<\/strong><\/span><\/p>\n<p><img loading=\"lazy\" decoding=\"async\" class=\"alignleft size-full wp-image-2181\" src=\"https:\/\/beachsidesoccer.org\/wp-content\/uploads\/2016\/04\/m_tryoy.jpg\" alt=\"m_tryoy\" width=\"110\" height=\"132\" \/><\/td>\n<td style=\"text-align: left; vertical-align: top;\">\u00a0Jug\u00f3 para Beachside desde 1999 hasta 2003; se uni\u00f3 al club en la categor\u00eda U15 y jug\u00f3 hasta la categor\u00eda U18.<\/p>\n<p>Michael lleg\u00f3 a uno de los equipos m\u00e1s talentosos de la historia del club y los hizo mucho mejores.<\/p>\n<p>Era un futbolista f\u00edsico, atl\u00e9tico, r\u00e1pido, t\u00e9cnico, inteligente, completo. Michael ten\u00eda una mentalidad ofensiva y anot\u00f3 muchos goles, incluidos algunos de los mejores delanteros en Beachside. <em>alguna vez<\/em> anotado. Pod\u00eda cambiar el juego en cualquier momento y era un jugador contra el que los oponentes no quer\u00edan jugar.<\/p>\n<p>Michael particip\u00f3 en la obra cuatro a\u00f1os en la Universidad de Fairfield - Promoci\u00f3n de 2007<\/p>\n<p>Su equipo junto a la playa donde Campeones de la Copa Abierta de Connecticut y Semifinales de la Regi\u00f3n 1 - Primavera 2008<\/td>\n<\/tr>\n<tr>\n<td style=\"width: 111px;\"><span style=\"color: #000080;\"><strong>2015 Kyle Martino<\/strong><\/span><\/p>\n<p>&nbsp;<\/p>\n<p><img loading=\"lazy\" decoding=\"async\" class=\"alignleft size-full wp-image-2132\" src=\"https:\/\/beachsidesoccer.org\/wp-content\/uploads\/2016\/04\/kyle-2.png\" alt=\"kyle\" width=\"110\" height=\"126\" \/><\/td>\n<td>Kyle jug\u00f3 para Beachside en 1995-96<\/p>\n<p>Jugador Nacional del A\u00f1o de Gatorade para Staples High School, Kyle fue Jugador del A\u00f1o de la ACC en la Universidad de Virginia y Novato del A\u00f1o de la MLS 2002. Tuvo una carrera de 8 a\u00f1os en la MLS con Columbus Crew y Los Angeles Galaxy.<\/p>\n<p>Kyle hizo 8 apariciones para el equipo nacional de Estados Unidos y actualmente es comentarista de color para NBC Sports para MLS.<\/td>\n<\/tr>\n<tr>\n<td style=\"width: 111px;\"><span style=\"color: #000080;\"><strong>2015 Marcus Tracy<\/strong><\/span><\/p>\n<p>&nbsp;<\/p>\n<p><img loading=\"lazy\" decoding=\"async\" class=\"alignleft size-full wp-image-2137\" src=\"https:\/\/beachsidesoccer.org\/wp-content\/uploads\/2016\/04\/Marcus.jpg\" alt=\"Marcus\" width=\"110\" height=\"141\" \/><\/td>\n<td>Marcus Tracy jug\u00f3 junto a la playa hasta 2005.<\/p>\n<p>Jug\u00f3 para la Universidad Wake Forest durante 4 a\u00f1os y fue galardonado con el prestigioso Trofeo Hermann (el equivalente al premio Heisman en f\u00fatbol) que honra al mejor jugador de f\u00fatbol universitario. Este trofeo, que es votado por los entrenadores universitarios, se considera el premio individual m\u00e1s grande en el f\u00fatbol de la Divisi\u00f3n I.<\/p>\n<p>Marcus hizo historia al convertirse en el primer jugador de Wake Forest en ganar el premio en su f\u00fatbol de 41 a\u00f1os de historia. Jug\u00f3 en 77 partidos para los di\u00e1conos y anot\u00f3 30 goles en su carrera universitaria.<\/p>\n<p>En 2007, Marcus fue el jugador ofensivo m\u00e1s destacado de la Copa Universitaria, ya que los di\u00e1conos ganaron el primer campeonato nacional de f\u00fatbol de la escuela. En esa Copa Universitaria anot\u00f3 ambos goles en la victoria por 2-0 en las semifinales sobre Virginia Tech y tambi\u00e9n anot\u00f3 el gol del empate en la victoria por 2-1 sobre Ohio State en el partido por el t\u00edtulo.<\/td>\n<\/tr>\n<tr>\n<td style=\"width: 111px; vertical-align: top;\"><span style=\"color: #000080;\"><strong>2014<\/strong><\/span><\/p>\n<p><span style=\"color: #000080;\"><strong>La totalidad<br \/>\n1995-96<br \/>\nEquipo U12<\/strong><\/span><\/td>\n<td><img loading=\"lazy\" decoding=\"async\" class=\"align wp-image-2170\" src=\"https:\/\/beachsidesoccer.org\/wp-content\/uploads\/2016\/04\/First-beachside-Team-1994.jpg\" alt=\"First beachside Team 1994\" width=\"600\" height=\"297\" srcset=\"https:\/\/beachsidesoccer.org\/wp-content\/uploads\/2016\/04\/First-beachside-Team-1994.jpg 875w, https:\/\/beachsidesoccer.org\/wp-content\/uploads\/2016\/04\/First-beachside-Team-1994-300x148.jpg 300w, https:\/\/beachsidesoccer.org\/wp-content\/uploads\/2016\/04\/First-beachside-Team-1994-768x380.jpg 768w\" sizes=\"(max-width: 600px) 100vw, 600px\" \/><\/p>\n<p style=\"text-align: center; font-size: 12px;\"><span style=\"color: #000080;\">Entrenador Mickey Kydes, Greg Schultz, Marshall Dee, Brian Dorsey, Alex Ostrowski, Joe Roos, Alex Far, Tyler Hassen, Ben Visnyei, Rich Godomski, entrenador Simon Kay, <\/span><br \/>\n<span style=\"color: #000080;\"> Will Ethridge, Mike Trofa, Mike Carey, John Mantia, Derek Graser, Manouch Tarz\u00e1n, Billy Connell <\/span><br \/>\n<span style=\"color: #000080;\"> Con el Trofeo Copa Abierta U12. <\/span><br \/>\n<span style=\"color: #000080;\"> <em>No presente:<\/em> Juan Franck, Scott Goepfert, Mike McEntee, Tom Cerabino<\/span><\/p>\n<p>La \u00e9tica de trabajo, la capacidad y el esp\u00edritu de equipo de estos muchachos marcan la pauta para el futuro del club.<\/td>\n<\/tr>\n<tr>\n<td style=\"width: 111px;\"><span style=\"color: #000080;\"><strong>2013\u00a0<\/strong><\/span><span style=\"color: #000080;\"><strong>Robin Leach<\/strong><\/span><\/p>\n<p><span style=\"color: #000080;\"><strong><br \/>\n<\/strong><\/span><img loading=\"lazy\" decoding=\"async\" class=\"alignleft wp-image-1921\" src=\"https:\/\/beachsidesoccer.org\/wp-content\/uploads\/2016\/04\/DSC_0347-Edit-2-e1465435355155.jpg\" alt=\"DSC_0347-Edit-2\" width=\"110\" height=\"138\" \/><\/td>\n<td>La afiliaci\u00f3n de Robin con Beachside comenz\u00f3 en 1997. Sus dos hijos, Matt y Jeff, fueron jugadores de Beachside durante mucho tiempo; Matt durante 9 a\u00f1os, Jeff durante 10 a\u00f1os. Ambos chicos son miembros del Beachside Hall of Fame.<\/p>\n<p>Robin dirigi\u00f3 equipos de Beachside durante 7 a\u00f1os; lider\u00f3 el esfuerzo para el equipo U-15 a U19 de Matt, sirvi\u00f3 en un papel de respaldo para el equipo U13 a U18 de Jeff, y dirigi\u00f3 el equipo U20 durante sus primeras 2 temporadas. Presidi\u00f3 varios banquetes junto a la playa con \u00e9xito.<\/p>\n<p><a href=\"https:\/\/beachsidesoccer.org\/es\/joining-beachside\/reflections-of-a-parent\/\">Considerada por sus hijos como la &quot;mam\u00e1 del f\u00fatbol&quot; por excelencia<\/a>, su amor por el f\u00fatbol comenz\u00f3 mientras viv\u00eda en Inglaterra, donde Matt y Jeff conocieron el juego a una edad muy temprana. Ella era una entusiasta defensora de la pasi\u00f3n por el f\u00fatbol de su hijo, y rara vez perd\u00eda la oportunidad de animarlos desde el banquillo comenzando con la liga recreativa \/ de viajes a trav\u00e9s de Beachside y culminando con sus carreras universitarias.<\/p>\n<p>Ella y su esposo Brian contin\u00faan siendo partidarios comprometidos del programa Beachside.<\/p>\n<p>Robin se gradu\u00f3 de Franklin &amp; Marshall College y recibi\u00f3 una maestr\u00eda en ciencias del Instituto Polit\u00e9cnico Rensselaer. Trabaj\u00f3 para Bellcore (formalmente Bell Labs) antes de retirarse para concentrarse en criar a su familia. Ella y Brian han estado casados durante 27 a\u00f1os.<\/td>\n<\/tr>\n<tr>\n<td style=\"width: 111px; vertical-align: top;\"><strong><span style=\"color: #000080;\">2013\u00a0<\/span><\/strong><strong><span style=\"color: #000080;\">Tommy Skara<\/span><\/strong><\/p>\n<p>&nbsp;<\/p>\n<p><strong><span style=\"color: #000080;\"><img loading=\"lazy\" decoding=\"async\" class=\"alignleft wp-image-2115\" src=\"https:\/\/beachsidesoccer.org\/wp-content\/uploads\/2016\/04\/tom_s-1.jpg\" alt=\"tom_s\" width=\"110\" height=\"139\" \/><\/span><\/strong><\/td>\n<td>Tommy se uni\u00f3 a Beachside en 1997 cuando ten\u00eda 10 a\u00f1os y jugaba U12. Lider\u00f3 a uno de los equipos de Beachside m\u00e1s exitosos a 4 victorias consecutivas en la copa estatal.<\/p>\n<p>Desde U15-U18, el equipo siempre estuvo clasificado a nivel nacional en el Top 25, ya que siempre fueron serios contendientes en el Campeonato de la Regi\u00f3n 1 de USYS. Tommy continu\u00f3 su \u00e9xito en la escuela secundaria y fue reclutado para jugar en la Universidad de Fairfield.<\/p>\n<p>Fue en Fairfield donde fue recompensado por su arduo trabajo y dedicaci\u00f3n al deporte al ganar MAAC Defensive Player y 1st Team All-Conference.<\/td>\n<\/tr>\n<tr>\n<td style=\"width: 111px; vertical-align: top;\"><strong><span style=\"color: #000080;\">2012\u00a0<\/span><\/strong><strong><span style=\"color: #000080;\">Dean Melitsanopoulos<\/span><\/strong><\/p>\n<p>&nbsp;<\/p>\n<p><strong><span style=\"color: #000080;\"><img loading=\"lazy\" decoding=\"async\" class=\"alignleft wp-image-2116\" src=\"https:\/\/beachsidesoccer.org\/wp-content\/uploads\/2016\/04\/DeanHeadshot-e1465595803669.jpg\" alt=\"DeanHeadshot\" width=\"110\" height=\"133\" \/><\/span><\/strong><\/td>\n<td>Dean se uni\u00f3 a Beachside SC en 2002 y fue capit\u00e1n de uno de los equipos m\u00e1s exitosos en la historia del club en cuatro Campeonatos de la Copa Abierta de Connecticut - 2002-2005 - y dos Semifinales Regionales - Primavera 2004 y 2005.<\/p>\n<p>Es un mediocampista central excepcionalmente talentoso y desinteresado conocido por su visi\u00f3n, habilidad y pasi\u00f3n. Un jugador tremendamente motivado y comprometido que se esforz\u00f3 por ser el mejor compa\u00f1ero de equipo y representar a Beachside SC con integridad tanto dentro como fuera del campo.<\/p>\n<p>Dean gan\u00f3 dos campeonatos de la Ivy League mientras jugaba para Brown University, promoci\u00f3n de 2009<\/td>\n<\/tr>\n<tr>\n<td style=\"width: 111px; vertical-align: top;\"><strong><span style=\"color: #000080;\">2012\u00a0<\/span><\/strong><strong><span style=\"color: #000080;\">Julia Byrne<\/span><\/strong><\/p>\n<p>&nbsp;<\/p>\n<p><strong><span style=\"color: #000080;\"><img loading=\"lazy\" decoding=\"async\" class=\"alignleft wp-image-2117\" src=\"https:\/\/beachsidesoccer.org\/wp-content\/uploads\/2016\/04\/Julia.jpg\" alt=\"Julia\" width=\"110\" height=\"139\" \/><\/span><\/strong><\/td>\n<td>\u00a0Julia jug\u00f3 para Beachside desde 2005 hasta 2010 y fue miembro integral del primer equipo femenino de Beachside. El compromiso, la \u00e9tica de trabajo, la actitud competitiva y orientada al equipo de Julia allanaron el camino para las futuras atletas femeninas de Beachside.<\/p>\n<p>Julia era una mediocampista central trabajadora cuya visi\u00f3n del campo y habilidades de pase elevaban constantemente el nivel de juego de su equipo. A trav\u00e9s de su arduo trabajo fuera de la pr\u00e1ctica, Julia desarroll\u00f3 sus habilidades individuales a un nivel muy alto.<\/p>\n<p>M\u00e1s tarde jug\u00f3 para el Connecticut College en la Conferencia NESCAC.<\/td>\n<\/tr>\n<tr>\n<td style=\"width: 111px; vertical-align: top;\"><strong><span style=\"color: #000080;\">2011\u00a0<\/span><\/strong><strong><span style=\"color: #000080;\">Marco\u00a0<\/span><\/strong><span style=\"color: #000080;\"><b>Antunez<\/b><\/span><\/p>\n<p>&nbsp;<\/p>\n<p><img loading=\"lazy\" decoding=\"async\" class=\"alignleft wp-image-2118\" src=\"https:\/\/beachsidesoccer.org\/wp-content\/uploads\/2016\/04\/marco.jpg\" alt=\"marco\" width=\"110\" height=\"127\" \/><\/td>\n<td>Marco se uni\u00f3 al club como jugador sub-13 y jug\u00f3 para Beachside de 1997 a 2003.<\/p>\n<p>Estuvo en el equipo ODP de la Regi\u00f3n 1 de U14 a U16, y en el Grupo Nacional U15 y U16. Marco a High School All New England Selection y 3 veces All-State. Asisti\u00f3 y jug\u00f3 f\u00fatbol en Davidson, donde fue Menci\u00f3n de Honor de la Conferencia en 2005.<\/p>\n<p>Competitivo, comprometido, en forma, trabajador y din\u00e1mico. Su habilidad t\u00e9cnica y explosividad emocionaron ofensivamente a muchos fan\u00e1ticos. Realmente valor\u00f3 el programa Beachside y represent\u00f3 al club con orgullo en cada pr\u00e1ctica y juego.<\/td>\n<\/tr>\n<tr>\n<td style=\"width: 111px;\"><strong><span style=\"color: #000080;\">2010\u00a0<\/span><\/strong><strong><span style=\"color: #000080;\">Jeff Leach<\/span><\/strong><\/p>\n<p><strong><span style=\"color: #000080;\"><img loading=\"lazy\" decoding=\"async\" class=\"alignleft wp-image-2120\" src=\"https:\/\/beachsidesoccer.org\/wp-content\/uploads\/2016\/04\/jeff-leach.jpg\" alt=\"jeff-leach\" width=\"110\" height=\"121\" \/><br \/>\n<\/span><\/strong><\/td>\n<td>Jug\u00f3 para Beachside de 1999 a 2009.<\/p>\n<p>Jeff se uni\u00f3 al club en 1999 a los 10 a\u00f1os jugando en el U12, y jug\u00f3 para nosotros durante 10 a\u00f1os: el m\u00e1s largo de cualquier jugador en la historia del club. Fue Juvenil All American en 2006 y 2007, y capit\u00e1n de su equipo Beachside durante muchos a\u00f1os. Fue seleccionado para el US 18 National.<\/p>\n<p>Jug\u00f3 f\u00fatbol universitario en las universidades Wake Forest y Colgate.<\/p>\n<p>Muy competitivo, comprometido, en forma, trabajador, Jeff jugaba con tremendo orgullo cuando usaba la camiseta de Beachside. Su impacto en el club, dentro y fuera del campo, ha sido inconmensurable.<\/td>\n<\/tr>\n<tr>\n<td style=\"width: 111px;\"><strong><span style=\"color: #000080;\">2010\u00a0<\/span><\/strong><strong><span style=\"color: #000080;\">Matt Leach<\/span><\/strong><\/p>\n<p>&nbsp;<\/p>\n<p><img loading=\"lazy\" decoding=\"async\" class=\"size-full wp-image-2128\" src=\"https:\/\/beachsidesoccer.org\/wp-content\/uploads\/2016\/04\/matt_leach.jpg\" alt=\"men's soccer; colgate vs. lasalle\" width=\"110\" height=\"165\" \/><\/td>\n<td>Matt jug\u00f3 para uno de los equipos de Beachside m\u00e1s exitosos en la historia del club desde 1998 hasta 2007. Hubo un 4 veces campe\u00f3n de la Copa Abierta de Connecticut: en 2002, 2003, 2004, 2005 y un Semifinalista Regional en 2005<\/p>\n<p>Excepcionalmente comprometido, trabajador y jug\u00f3 cada segundo del juego con todo su esfuerzo, su ritmo de trabajo incansable y su velocidad arriba y abajo jugaron un papel muy importante en el \u00e9xito del equipo. Matt era un verdadero competidor y jugador de equipo.<\/p>\n<p>Fue capit\u00e1n del equipo de New Canaan High School en 2006 y m\u00e1s tarde de la Universidad de Colgate.<\/td>\n<\/tr>\n<tr>\n<td style=\"width: 111px;\"><strong><span style=\"color: #000080;\">2009\u00a0<\/span><\/strong><strong><span style=\"color: #000080;\">Joseph Roos<\/span><\/strong><\/p>\n<p>&nbsp;<\/p>\n<p><img loading=\"lazy\" decoding=\"async\" class=\"alignleft size-full wp-image-2126\" src=\"https:\/\/beachsidesoccer.org\/wp-content\/uploads\/2016\/04\/roos.jpg\" alt=\"roos\" width=\"110\" height=\"137\" \/><\/td>\n<td>Joe jug\u00f3 para Beachside de 1994 a 2001. Como miembro del equipo original de Beachside 1994 (que fue capit\u00e1n durante toda su carrera en el club), es la \u00fanica persona que ha sido incluida en el Sal\u00f3n de la Fama dos veces.<\/p>\n<p>Joe fue un Portero trabajador, comprometido y atl\u00e9tico que impresion\u00f3 a todos con paradas espectaculares. Era muy competitivo y apasionado por el f\u00fatbol y espec\u00edficamente por Beachside.<\/p>\n<p>M\u00e1s tarde pag\u00f3 por Boston College - Clase de 2005<\/td>\n<\/tr>\n<tr>\n<td style=\"width: 111px;\"><strong><span style=\"color: #000080;\">2009\u00a0<\/span><\/strong><strong><span style=\"color: #000080;\">Zach Schwartz<\/span><\/strong><\/p>\n<p><strong><span style=\"color: #000080;\"><img loading=\"lazy\" decoding=\"async\" class=\"alignleft size-full wp-image-2129\" src=\"https:\/\/beachsidesoccer.org\/wp-content\/uploads\/2016\/04\/schwarz.jpg\" alt=\"schwarz\" width=\"110\" height=\"135\" \/><\/span><\/strong><\/td>\n<td>\u00a0Zach jug\u00f3 para Beachside de 1996 a 2003. Se uni\u00f3 al club a los 10 a\u00f1os pagando en nuestro equipo U12.<\/p>\n<p>Un jugador muy competitivo y vers\u00e1til que pod\u00eda usar ambos pies, Zach fue uno de los mejores jugadores en la historia de Beachside.<\/p>\n<p>Fue capit\u00e1n de su equipo durante muchos a\u00f1os, fueron dos veces campeones abiertos de la Copa Abierta de Connecticut: primavera de 1997 y 1999 y semifinalistas de la Regi\u00f3n 1 en 1999.<\/p>\n<p>Zach m\u00e1s tarde jug\u00f3 para la Universidad de Princeton - Promoci\u00f3n de 2007<\/td>\n<\/tr>\n<\/tbody>\n<\/table>\n<p>&nbsp;<\/p>","protected":false},"excerpt":{"rendered":"<p>Each Year Beachside inducts distinguished Alumni or Volunteers into our Hall of Fame. Our inducted Beachside Hall of Famers ipitemize our club core values to the fullest extent. These individuals &hellip; <a href=\"https:\/\/beachsidesoccer.org\/es\/alumni\/hall-of-fame\/\" class=\"more-link\">Continue reading <span class=\"screen-reader-text\">Sal\u00f3n de la Fama<\/span><\/a><\/p>","protected":false},"author":1,"featured_media":2134,"parent":14,"menu_order":1,"comment_status":"closed","ping_status":"closed","template":"page-basic.php","meta":{"_acf_changed":false,"footnotes":""},"class_list":["post-96","page","type-page","status-publish","has-post-thumbnail","hentry"],"acf":[],"yoast_head":"<!-- This site is optimized with the Yoast SEO plugin v27.4 - https:\/\/yoast.com\/product\/yoast-seo-wordpress\/ -->\n<title>Soccer Coaches - Hall of Fame - Beachside Soccer<\/title>\n<meta name=\"description\" content=\"Each Year Beachside Soccer inducts distinguished Alumni or Volunteers into our Hall of Fame. Our soccer coaches, players and parents are part of the Beachside Family.\" \/>\n<meta name=\"robots\" content=\"index, follow, max-snippet:-1, max-image-preview:large, max-video-preview:-1\" \/>\n<link rel=\"canonical\" href=\"https:\/\/beachsidesoccer.org\/es\/alumni\/hall-of-fame\/\" \/>\n<meta property=\"og:locale\" content=\"es_MX\" \/>\n<meta property=\"og:type\" content=\"article\" \/>\n<meta property=\"og:title\" content=\"Soccer Coaches - Hall of Fame - Beachside Soccer\" \/>\n<meta property=\"og:description\" content=\"Each Year Beachside Soccer inducts distinguished Alumni or Volunteers into our Hall of Fame. Our soccer coaches, players and parents are part of the Beachside Family.\" \/>\n<meta property=\"og:url\" content=\"https:\/\/beachsidesoccer.org\/es\/alumni\/hall-of-fame\/\" \/>\n<meta property=\"og:site_name\" content=\"Beachside Soccer\" \/>\n<meta property=\"article:modified_time\" content=\"2021-02-28T23:08:28+00:00\" \/>\n<meta property=\"og:image\" content=\"https:\/\/beachsidesoccer.org\/wp-content\/uploads\/2016\/04\/2012-u12s.jpg\" \/>\n\t<meta property=\"og:image:width\" content=\"1500\" \/>\n\t<meta property=\"og:image:height\" content=\"363\" \/>\n\t<meta property=\"og:image:type\" content=\"image\/jpeg\" \/>\n<meta name=\"twitter:card\" content=\"summary_large_image\" \/>\n<meta name=\"twitter:label1\" content=\"Tiempo de lectura\" \/>\n\t<meta name=\"twitter:data1\" content=\"14 minutos\" \/>\n<script type=\"application\/ld+json\" class=\"yoast-schema-graph\">{\"@context\":\"https:\\\/\\\/schema.org\",\"@graph\":[{\"@type\":\"WebPage\",\"@id\":\"https:\\\/\\\/beachsidesoccer.org\\\/es\\\/alumni\\\/hall-of-fame\\\/\",\"url\":\"https:\\\/\\\/beachsidesoccer.org\\\/es\\\/alumni\\\/hall-of-fame\\\/\",\"name\":\"Soccer Coaches - Hall of Fame - Beachside Soccer\",\"isPartOf\":{\"@id\":\"https:\\\/\\\/beachsidesoccer.org\\\/#website\"},\"primaryImageOfPage\":{\"@id\":\"https:\\\/\\\/beachsidesoccer.org\\\/es\\\/alumni\\\/hall-of-fame\\\/#primaryimage\"},\"image\":{\"@id\":\"https:\\\/\\\/beachsidesoccer.org\\\/es\\\/alumni\\\/hall-of-fame\\\/#primaryimage\"},\"thumbnailUrl\":\"https:\\\/\\\/beachsidesoccer.org\\\/wp-content\\\/uploads\\\/2016\\\/04\\\/2012-u12s.jpg\",\"datePublished\":\"2016-04-22T22:34:31+00:00\",\"dateModified\":\"2021-02-28T23:08:28+00:00\",\"description\":\"Each Year Beachside Soccer inducts distinguished Alumni or Volunteers into our Hall of Fame. Our soccer coaches, players and parents are part of the Beachside Family.\",\"breadcrumb\":{\"@id\":\"https:\\\/\\\/beachsidesoccer.org\\\/es\\\/alumni\\\/hall-of-fame\\\/#breadcrumb\"},\"inLanguage\":\"es\",\"potentialAction\":[{\"@type\":\"ReadAction\",\"target\":[\"https:\\\/\\\/beachsidesoccer.org\\\/es\\\/alumni\\\/hall-of-fame\\\/\"]}]},{\"@type\":\"ImageObject\",\"inLanguage\":\"es\",\"@id\":\"https:\\\/\\\/beachsidesoccer.org\\\/es\\\/alumni\\\/hall-of-fame\\\/#primaryimage\",\"url\":\"https:\\\/\\\/beachsidesoccer.org\\\/wp-content\\\/uploads\\\/2016\\\/04\\\/2012-u12s.jpg\",\"contentUrl\":\"https:\\\/\\\/beachsidesoccer.org\\\/wp-content\\\/uploads\\\/2016\\\/04\\\/2012-u12s.jpg\",\"width\":1500,\"height\":363,\"caption\":\"Youth Boys Soccer Leagues\"},{\"@type\":\"BreadcrumbList\",\"@id\":\"https:\\\/\\\/beachsidesoccer.org\\\/es\\\/alumni\\\/hall-of-fame\\\/#breadcrumb\",\"itemListElement\":[{\"@type\":\"ListItem\",\"position\":1,\"name\":\"Home\",\"item\":\"https:\\\/\\\/beachsidesoccer.org\\\/\"},{\"@type\":\"ListItem\",\"position\":2,\"name\":\"Our Alumni\",\"item\":\"https:\\\/\\\/beachsidesoccer.org\\\/alumni\\\/\"},{\"@type\":\"ListItem\",\"position\":3,\"name\":\"Hall of Fame\"}]},{\"@type\":\"WebSite\",\"@id\":\"https:\\\/\\\/beachsidesoccer.org\\\/#website\",\"url\":\"https:\\\/\\\/beachsidesoccer.org\\\/\",\"name\":\"Beachside Soccer\",\"description\":\"\",\"publisher\":{\"@id\":\"https:\\\/\\\/beachsidesoccer.org\\\/#organization\"},\"potentialAction\":[{\"@type\":\"SearchAction\",\"target\":{\"@type\":\"EntryPoint\",\"urlTemplate\":\"https:\\\/\\\/beachsidesoccer.org\\\/?s={search_term_string}\"},\"query-input\":{\"@type\":\"PropertyValueSpecification\",\"valueRequired\":true,\"valueName\":\"search_term_string\"}}],\"inLanguage\":\"es\"},{\"@type\":\"Organization\",\"@id\":\"https:\\\/\\\/beachsidesoccer.org\\\/#organization\",\"name\":\"Beachside Soccer Club\",\"url\":\"https:\\\/\\\/beachsidesoccer.org\\\/\",\"logo\":{\"@type\":\"ImageObject\",\"inLanguage\":\"es\",\"@id\":\"https:\\\/\\\/beachsidesoccer.org\\\/#\\\/schema\\\/logo\\\/image\\\/\",\"url\":\"https:\\\/\\\/beachsidesoccer.org\\\/wp-content\\\/uploads\\\/2016\\\/06\\\/beachside-bright-logo_small.jpg\",\"contentUrl\":\"https:\\\/\\\/beachsidesoccer.org\\\/wp-content\\\/uploads\\\/2016\\\/06\\\/beachside-bright-logo_small.jpg\",\"width\":144,\"height\":179,\"caption\":\"Beachside Soccer Club\"},\"image\":{\"@id\":\"https:\\\/\\\/beachsidesoccer.org\\\/#\\\/schema\\\/logo\\\/image\\\/\"}}]}<\/script>\n<!-- \/ Yoast SEO plugin. -->","yoast_head_json":{"title":"Soccer Coaches - Hall of Fame - Beachside Soccer","description":"Each Year Beachside Soccer inducts distinguished Alumni or Volunteers into our Hall of Fame. Our soccer coaches, players and parents are part of the Beachside Family.","robots":{"index":"index","follow":"follow","max-snippet":"max-snippet:-1","max-image-preview":"max-image-preview:large","max-video-preview":"max-video-preview:-1"},"canonical":"https:\/\/beachsidesoccer.org\/es\/alumni\/hall-of-fame\/","og_locale":"es_MX","og_type":"article","og_title":"Soccer Coaches - Hall of Fame - Beachside Soccer","og_description":"Each Year Beachside Soccer inducts distinguished Alumni or Volunteers into our Hall of Fame. Our soccer coaches, players and parents are part of the Beachside Family.","og_url":"https:\/\/beachsidesoccer.org\/es\/alumni\/hall-of-fame\/","og_site_name":"Beachside Soccer","article_modified_time":"2021-02-28T23:08:28+00:00","og_image":[{"width":1500,"height":363,"url":"https:\/\/beachsidesoccer.org\/wp-content\/uploads\/2016\/04\/2012-u12s.jpg","type":"image\/jpeg"}],"twitter_card":"summary_large_image","twitter_misc":{"Tiempo de lectura":"14 minutos"},"schema":{"@context":"https:\/\/schema.org","@graph":[{"@type":"WebPage","@id":"https:\/\/beachsidesoccer.org\/es\/alumni\/hall-of-fame\/","url":"https:\/\/beachsidesoccer.org\/es\/alumni\/hall-of-fame\/","name":"Soccer Coaches - Hall of Fame - Beachside Soccer","isPartOf":{"@id":"https:\/\/beachsidesoccer.org\/#website"},"primaryImageOfPage":{"@id":"https:\/\/beachsidesoccer.org\/es\/alumni\/hall-of-fame\/#primaryimage"},"image":{"@id":"https:\/\/beachsidesoccer.org\/es\/alumni\/hall-of-fame\/#primaryimage"},"thumbnailUrl":"https:\/\/beachsidesoccer.org\/wp-content\/uploads\/2016\/04\/2012-u12s.jpg","datePublished":"2016-04-22T22:34:31+00:00","dateModified":"2021-02-28T23:08:28+00:00","description":"Each Year Beachside Soccer inducts distinguished Alumni or Volunteers into our Hall of Fame. Our soccer coaches, players and parents are part of the Beachside Family.","breadcrumb":{"@id":"https:\/\/beachsidesoccer.org\/es\/alumni\/hall-of-fame\/#breadcrumb"},"inLanguage":"es","potentialAction":[{"@type":"ReadAction","target":["https:\/\/beachsidesoccer.org\/es\/alumni\/hall-of-fame\/"]}]},{"@type":"ImageObject","inLanguage":"es","@id":"https:\/\/beachsidesoccer.org\/es\/alumni\/hall-of-fame\/#primaryimage","url":"https:\/\/beachsidesoccer.org\/wp-content\/uploads\/2016\/04\/2012-u12s.jpg","contentUrl":"https:\/\/beachsidesoccer.org\/wp-content\/uploads\/2016\/04\/2012-u12s.jpg","width":1500,"height":363,"caption":"Youth Boys Soccer Leagues"},{"@type":"BreadcrumbList","@id":"https:\/\/beachsidesoccer.org\/es\/alumni\/hall-of-fame\/#breadcrumb","itemListElement":[{"@type":"ListItem","position":1,"name":"Home","item":"https:\/\/beachsidesoccer.org\/"},{"@type":"ListItem","position":2,"name":"Our Alumni","item":"https:\/\/beachsidesoccer.org\/alumni\/"},{"@type":"ListItem","position":3,"name":"Hall of Fame"}]},{"@type":"WebSite","@id":"https:\/\/beachsidesoccer.org\/#website","url":"https:\/\/beachsidesoccer.org\/","name":"F\u00fatbol junto a la playa","description":"","publisher":{"@id":"https:\/\/beachsidesoccer.org\/#organization"},"potentialAction":[{"@type":"SearchAction","target":{"@type":"EntryPoint","urlTemplate":"https:\/\/beachsidesoccer.org\/?s={search_term_string}"},"query-input":{"@type":"PropertyValueSpecification","valueRequired":true,"valueName":"search_term_string"}}],"inLanguage":"es"},{"@type":"Organization","@id":"https:\/\/beachsidesoccer.org\/#organization","name":"Club de f\u00fatbol junto a la playa","url":"https:\/\/beachsidesoccer.org\/","logo":{"@type":"ImageObject","inLanguage":"es","@id":"https:\/\/beachsidesoccer.org\/#\/schema\/logo\/image\/","url":"https:\/\/beachsidesoccer.org\/wp-content\/uploads\/2016\/06\/beachside-bright-logo_small.jpg","contentUrl":"https:\/\/beachsidesoccer.org\/wp-content\/uploads\/2016\/06\/beachside-bright-logo_small.jpg","width":144,"height":179,"caption":"Beachside Soccer Club"},"image":{"@id":"https:\/\/beachsidesoccer.org\/#\/schema\/logo\/image\/"}}]}},"_links":{"self":[{"href":"https:\/\/beachsidesoccer.org\/es\/wp-json\/wp\/v2\/pages\/96","targetHints":{"allow":["GET"]}}],"collection":[{"href":"https:\/\/beachsidesoccer.org\/es\/wp-json\/wp\/v2\/pages"}],"about":[{"href":"https:\/\/beachsidesoccer.org\/es\/wp-json\/wp\/v2\/types\/page"}],"author":[{"embeddable":true,"href":"https:\/\/beachsidesoccer.org\/es\/wp-json\/wp\/v2\/users\/1"}],"replies":[{"embeddable":true,"href":"https:\/\/beachsidesoccer.org\/es\/wp-json\/wp\/v2\/comments?post=96"}],"version-history":[{"count":0,"href":"https:\/\/beachsidesoccer.org\/es\/wp-json\/wp\/v2\/pages\/96\/revisions"}],"up":[{"embeddable":true,"href":"https:\/\/beachsidesoccer.org\/es\/wp-json\/wp\/v2\/pages\/14"}],"wp:featuredmedia":[{"embeddable":true,"href":"https:\/\/beachsidesoccer.org\/es\/wp-json\/wp\/v2\/media\/2134"}],"wp:attachment":[{"href":"https:\/\/beachsidesoccer.org\/es\/wp-json\/wp\/v2\/media?parent=96"}],"curies":[{"name":"wp","href":"https:\/\/api.w.org\/{rel}","templated":true}]}}